{"version":"1.0","provider_name":"T\u00fcrk Maarif College","provider_url":"https:\/\/turkmaarifkoleji.org\/en","title":"Ecem Nehir \u00c7elik\u2019ten T\u00fcrkiye ikincili\u011fi - T\u00fcrk Maarif Koleji","type":"rich","width":600,"height":338,"html":"<blockquote class=\"wp-embedded-content\" data-secret=\"wYSAfcfjX6\"><a href=\"https:\/\/turkmaarifkoleji.org\/en\/ecem-nehir-celikten-turkiye-ikinciligi\/\">Ecem Nehir \u00c7elik\u2019ten T\u00fcrkiye ikincili\u011fi<\/a><\/blockquote><iframe sandbox=\"allow-scripts\" security=\"restricted\" src=\"https:\/\/turkmaarifkoleji.org\/en\/ecem-nehir-celikten-turkiye-ikinciligi\/embed\/#?secret=wYSAfcfjX6\" width=\"600\" height=\"338\" title=\"&#8220;Ecem Nehir \u00c7elik\u2019ten T\u00fcrkiye ikincili\u011fi&#8221; &#8212; T\u00fcrk Maarif Koleji\" data-secret=\"wYSAfcfjX6\" frameborder=\"0\" marginwidth=\"0\" marginheight=\"0\" scrolling=\"no\" class=\"wp-embedded-content\"><\/iframe><script>\n\/*! This file is auto-generated *\/\n!function(d,l){\"use strict\";l.querySelector&&d.addEventListener&&\"undefined\"!=typeof URL&&(d.wp=d.wp||{},d.wp.receiveEmbedMessage||(d.wp.receiveEmbedMessage=function(e){var t=e.data;if((t||t.secret||t.message||t.value)&&!\/[^a-zA-Z0-9]\/.test(t.secret)){for(var s,r,n,a=l.querySelectorAll('iframe[data-secret=\"'+t.secret+'\"]'),o=l.querySelectorAll('blockquote[data-secret=\"'+t.secret+'\"]'),c=new RegExp(\"^https?:$\",\"i\"),i=0;i<o.length;i++)o[i].style.display=\"none\";for(i=0;i<a.length;i++)s=a[i],e.source===s.contentWindow&&(s.removeAttribute(\"style\"),\"height\"===t.message?(1e3<(r=parseInt(t.value,10))?r=1e3:~~r<200&&(r=200),s.height=r):\"link\"===t.message&&(r=new URL(s.getAttribute(\"src\")),n=new URL(t.value),c.test(n.protocol))&&n.host===r.host&&l.activeElement===s&&(d.top.location.href=t.value))}},d.addEventListener(\"message\",d.wp.receiveEmbedMessage,!1),l.addEventListener(\"DOMContentLoaded\",function(){for(var e,t,s=l.querySelectorAll(\"iframe.wp-embedded-content\"),r=0;r<s.length;r++)(t=(e=s[r]).getAttribute(\"data-secret\"))||(t=Math.random().toString(36).substring(2,12),e.src+=\"#?secret=\"+t,e.setAttribute(\"data-secret\",t)),e.contentWindow.postMessage({message:\"ready\",secret:t},\"*\")},!1)))}(window,document);\n<\/script>","thumbnail_url":"https:\/\/turkmaarifkoleji.org\/wp-content\/uploads\/2025\/05\/ecem_celik_nehir.jpg","thumbnail_width":1536,"thumbnail_height":2048,"description":"Sivas\u2019ta d\u00fczenlenen MEB GEN\u00c7LER Atletizm yar\u0131\u015flar\u0131nda \u00f6\u011frencimiz Ecem Nehir \u00c7elik, uzun atlama bran\u015f\u0131nda 5.82\u2019lik dercesiyle \u015fu ana kadar elde etti\u011fi en iyi derecesini atlayarak T\u00dcRK\u0130YE \u0130K\u0130NC\u0130S\u0130 olmu\u015ftur. Arkadan esen r\u00fczgar\u0131n h\u0131z\u0131 saniyede 2.00 metreyi a\u015ft\u0131\u011f\u0131 i\u00e7in bu derece rekor say\u0131lmam\u0131\u015ft\u0131r ancak en iyi derece olarak tarihe ge\u00e7mi\u015ftir. Daha nice g\u00fczel ba\u015far\u0131lara Ecem\u2026"}